{"id":34,"date":"2023-05-06T20:16:03","date_gmt":"2023-05-06T18:16:03","guid":{"rendered":"http:\/\/bisef.de\/bisef\/?page_id=34"},"modified":"2025-11-08T13:19:11","modified_gmt":"2025-11-08T12:19:11","slug":"vorstand","status":"publish","type":"page","link":"https:\/\/bisef.de\/bisef\/vorstand\/","title":{"rendered":"Vorstand"},"content":{"rendered":"<h1>Dr. Michael Gerhardts<\/h1>\n<p>\t\t\t\t\t\t\t\t\t\t\t\t\t\t\t<img fetchpriority=\"high\" decoding=\"async\" width=\"950\" height=\"434\" src=\"http:\/\/bisef.de\/bisef\/wp-content\/uploads\/2023\/05\/gerhardts02-1400x640.jpg\" alt=\"Dr. Michael Gerhardts\" sizes=\"100vw\" \/>\t\t\t\t\t\t\t\t\t\t\t\t\t\t\t<\/p>\n<p style=\"text-align: center;\"><strong>BISEF-Vorstand seit Oktober 2022, Stiftungszweck&nbsp;<\/strong><strong style=\"font-family: var( --e-global-typography-text-font-family ), Sans-serif;\">gem\u00e4\u00df Stiftungsregister: Bildung, Erziehung, Ausbildung sowie Wissenschaft und Forschung<\/strong><\/p>\n<p style=\"text-align: center;\"><strong style=\"font-family: var( --e-global-typography-text-font-family ), Sans-serif;\">&nbsp;<\/strong><\/p>\n<h2>Vita-Extrakt<\/h2>\n<h3>0. Schulbesuch von 1957\u20131969<\/h3>\n<p>0.1 <strong>Ausbildung<\/strong> und T\u00e4tigkeit im Berufsfeld \u201eWirtschaft und Verwaltung\u201c (Industrie, Bundes- und Kommunalbeh\u00f6rden) von 1969\u20131974 und w\u00e4hrend des Studiums in der vorlesungsfreien Zeit<\/p>\n<h3>1. Studium ab Wintersemester (WS) 1974\/75 und berufsbegleitendes Aufbaustudium an der Universit\u00e4t Dortmund<\/h3>\n<p><strong>1.1 Studienf\u00e4cher und Studienabschl\u00fcsse:<\/strong><\/p>\n<ul>\n<li>Deutsche Sprache und Literaturwissenschaften, Erziehungs-, Wirtschafts- und Sozialwissenschaften<\/li>\n<li>Staatsexamina und Lehramtsbef\u00e4higungen f\u00fcr \u201eBerufskollegs in der beruflichen Fachrichtung Wirtschaftswissenschaft\u201c sowie \u201eGymnasien und Gesamtschulen\u201c<\/li>\n<li>Unterrichtsf\u00e4cher: Deutsch, P\u00e4dagogik, Wirtschafts- und Sozialwissenschaften<\/li>\n<\/ul>\n<p><strong>1.2 Aufbaustudium und wissenschaftliche Gesamtqualifikation:<\/strong><\/p>\n<ul>\n<li>Wissenschaftliche Hilfskraft und Co-Referent an den Lehrst\u00fchlen Schulp\u00e4dagogik\/Allgemeine Didaktik, Wirtschaftswissenschaft und Didaktik der Wirtschaftslehre sowie f\u00fcr Deutsche Sprache, Literatur und deren Didaktik zwischen WS 1978\/79 und SS 1987<\/li>\n<li>Promotion (interdisziplin\u00e4re Dissertation: \u201eDas wirtschaftsberufliche\/kaufm\u00e4nnische Schulwesen Nordrhein-Westfalens im Wandel von 1945 bis 1980 \u2013 Zur Analyse der Schulformen unter Ber\u00fccksichtigung der amtlichen Bestimmungen f\u00fcr den Deutschunterricht\u201c) und zus\u00e4tzliche wissenschaftliche Leistungen zur Erlangung der Venia Legendi<\/li>\n<li>Mehrfach-Laufbahnerf\u00fcller des Schul- und Hochschuldienstes (Ernennung zum Professor&nbsp;1993)<\/li>\n<\/ul>\n<h3>2. Anstellungen im staatlich genehmigten Ersatzschuldienst &#8211; NRW seit Schuljahr&nbsp;1978\/79<\/h3>\n<p><strong>2.0 Lehrer- und Studienleiter-T\u00e4tigkeiten im Bistumsschulsystem Paderborn<\/strong><\/p>\n<p>Auswahl:<\/p>\n<ul>\n<li>Lehrer \u2013 Erstanstellung und langj\u00e4hriger Verbindungslehrer am Mallinckrodt-Gymnasium, Dortmund<\/li>\n<li>Ausbildungskoordinator f\u00fcr Referendare<\/li>\n<li>Aufbau und Ausgestaltung eines \u201eschultr\u00e4gereigenen Qualit\u00e4tsmanagements\u201c<\/li>\n<li>Beauftragter f\u00fcr das Qualit\u00e4tsmanagement im Bistumsschulsystem Paderborn f\u00fcr Schule und Hochschule,&nbsp;insbesondere Qualifizierungs- und Unterst\u00fctzungsma\u00dfnahmen im Rahmen systemischer Schul- und Unterrichtsentwicklung sowie der Lehrerfort- und Weiterbildung (bis 31.12.2020)<\/li>\n<\/ul>\n<p><strong>2.1 Schultr\u00e4ger \u2013 Abordnungen und Beauftragungen seit 1980<\/strong><\/p>\n<p>Auswahl:<\/p>\n<ul>\n<li>Entwickler und Aufbaubeauftragter einer&nbsp;\u201eFach- und F\u00fchrungsakademie\u201c (FFA)&nbsp;auf&nbsp;Di\u00f6zesanebene<\/li>\n<li>Mitarbeiter des Projektleitungsteams \u201eReorganisation der Hauptabteilung Schule und Erziehung\u201c<\/li>\n<li>Referentent\u00e4tigkeit vorrangig in \u00f6ffentlichen Bildungseinrichtungen<\/li>\n<\/ul>\n<p><strong>2.2&nbsp;\u201eF\u00fchrungs- und Koordinationst\u00e4tigkeiten\u201c au\u00dferhalb des Bistumsschulsystems<\/strong><strong> in <u>anderen<\/u> kirchlichen und \u00f6ffentlichen Einrichtungen<\/strong><\/p>\n<p>Auswahl:<\/p>\n<ul>\n<li>Berater und Bevollm\u00e4chtigter im Berufsfeld Wirtschaft und Verwaltung<\/li>\n<li>Bischofsmandat zwecks Rechtsformwechsels einer Ordensschule in eine Stiftung<\/li>\n<li>Referent, Lehrgangsleiter und Pr\u00fcfer beim Institut f\u00fcr Lehrerfortbildung (IfL)<\/li>\n<\/ul>\n<h3>3. Anstellungen im Hochschuldienst NRW seit Wintersemester 1979\/80<\/h3>\n<p><strong>3.0&nbsp;Dozentur im Nebenamt an verschiedenen Hochschulen<\/strong> in geistes- und gesellschaftswissenschaftlichen Abteilungen, Fakult\u00e4ten resp. Fachbereichen<\/p>\n<p><strong>3.1 Lehrbeauftragungen mit wechselnden \u201eLehr- und Arbeitsgebieten\u201c <\/strong>im Fachbereich Wirtschaft der Fachhochschule Dortmund (FH DO) \u00fcber einen Zeitraum von 55 Semestern<\/p>\n<p><strong>3.1.1 Lehrauftr\u00e4ge<\/strong> zun\u00e4chst als Lehrer im Hochschuldienst f\u00fcr \u201eallgemeinwissenschaftliche Lehrveranstaltungen aller Fachbereiche\u201c (Studium Generale); danach Lehrt\u00e4tigkeit als Professor im Fachbereich Wirtschaft f\u00fcr drei Studieng\u00e4nge mit Erstpr\u00fcfungsberechtigung; Lehr- und anwendungsorientierte Forschungs- und Entwicklungsarbeiten<\/p>\n<p><strong>3.2 Wahrnehmung anwendungsorientierter Forschungs- und insb. Entwicklungsarbeiten:<\/strong> Urheber von Projektierungen, Projekt- u.\/o. Studienleiter, Stadtberater und Stadtbeauftragter, wissenschaftlicher Begleiter und Gutachter in den Handlungsfeldern Schule, Hochschule, Wirtschaft und Verwaltung<\/p>\n<p><strong>3.3 Wissenschaftlicher Leiter des Rahmenkooperationsabkommens der&nbsp;<\/strong><strong>Fachhochschule <\/strong>ab WS 1996\/97 f\u00fcr mehr als 10 Jahre mit einem interdisziplin\u00e4r arbeitenden wirtschaftsp\u00e4dagogischen Institut f\u00fcr Tourismus und Umwelt<\/p>\n<h3>4. Berufung in den Vorstand der \u201eStiftung Marienschule der Ursulinen Bielefeld\u201c mit Wirkung vom 01.01.2009 und Weiterbesch\u00e4ftigung in Personalunion als Leiter des Instituts f\u00fcr Schule, Erziehungs- und Fachwissenschaften (ISEF) bis zur Abwicklung am 28.08.2023 (wesentliche Teile der Aufgaben sind die in die Bildungsstiftung \u00fcbernommen worden)<\/h3>\n<h3>5. Berufung in den Vorstand der Bildungsstiftung St. Ursula in Bielefeld mit Wirkung vom 27.10.2022<\/h3>\n<\/p>\n<p>\t\t\t\t\t<a href=\"\/bisef\/interner-bereich\/\"><br \/>\n\t\t\t\t\t\t\t\t\tVita-Langfassung und Bibliographische Datenauswahl\/\u00d6ffentlichkeitsarbeit s. Interner Bereich<br \/>\n\t\t\t\t\t<\/a><\/p>\n","protected":false},"excerpt":{"rendered":"<p>Dr. Michael Gerhardts BISEF-Vorstand seit Oktober 2022, Stiftungszweck&nbsp;gem\u00e4\u00df Stiftungsregister: Bildung, Erziehung, Ausbildung sowie Wissenschaft und Forschung &nbsp; Vita-Extrakt 0. Schulbesuch von 1957\u20131969 0.1 Ausbildung und T\u00e4tigkeit im Berufsfeld \u201eWirtschaft und Verwaltung\u201c (Industrie, Bundes- und Kommunalbeh\u00f6rden) von 1969\u20131974 und w\u00e4hrend des Studiums in der vorlesungsfreien Zeit 1. Studium ab Wintersemester (WS) 1974\/75 und berufsbegleitendes Aufbaustudium an &hellip; <\/p>\n<p class=\"link-more\"><a href=\"https:\/\/bisef.de\/bisef\/vorstand\/\" class=\"more-link\">Mehr <span class=\"screen-reader-text\">\u00fcber &#8222;Vorstand&#8220; <\/span>Lesen<\/a><\/p>\n","protected":false},"author":1,"featured_media":0,"parent":0,"menu_order":0,"comment_status":"closed","ping_status":"closed","template":"","meta":{"footnotes":""},"class_list":["post-34","page","type-page","status-publish","hentry"],"featured_media_urls":[],"_links":{"self":[{"href":"https:\/\/bisef.de\/bisef\/wp-json\/wp\/v2\/pages\/34","targetHints":{"allow":["GET"]}}],"collection":[{"href":"https:\/\/bisef.de\/bisef\/wp-json\/wp\/v2\/pages"}],"about":[{"href":"https:\/\/bisef.de\/bisef\/wp-json\/wp\/v2\/types\/page"}],"author":[{"embeddable":true,"href":"https:\/\/bisef.de\/bisef\/wp-json\/wp\/v2\/users\/1"}],"replies":[{"embeddable":true,"href":"https:\/\/bisef.de\/bisef\/wp-json\/wp\/v2\/comments?post=34"}],"version-history":[{"count":54,"href":"https:\/\/bisef.de\/bisef\/wp-json\/wp\/v2\/pages\/34\/revisions"}],"predecessor-version":[{"id":341,"href":"https:\/\/bisef.de\/bisef\/wp-json\/wp\/v2\/pages\/34\/revisions\/341"}],"wp:attachment":[{"href":"https:\/\/bisef.de\/bisef\/wp-json\/wp\/v2\/media?parent=34"}],"curies":[{"name":"wp","href":"https:\/\/api.w.org\/{rel}","templated":true}]}}