{"id":32,"date":"2023-05-06T20:15:40","date_gmt":"2023-05-06T18:15:40","guid":{"rendered":"http:\/\/bisef.de\/bisef\/?page_id=32"},"modified":"2024-03-27T17:14:12","modified_gmt":"2024-03-27T16:14:12","slug":"ein-und-ausblicke","status":"publish","type":"page","link":"https:\/\/bisef.de\/bisef\/ein-und-ausblicke\/","title":{"rendered":"Ein- und Ausblicke"},"content":{"rendered":"\t\t<div data-elementor-type=\"wp-page\" data-elementor-id=\"32\" class=\"elementor elementor-32\">\n\t\t\t\t\t\t<section class=\"elementor-section elementor-top-section elementor-element elementor-element-6912833 elementor-section-boxed elementor-section-height-default elementor-section-height-default\" data-id=\"6912833\" data-element_type=\"section\">\n\t\t\t\t\t\t<div class=\"elementor-container elementor-column-gap-default\">\n\t\t\t\t\t<div class=\"elementor-column elementor-col-100 elementor-top-column elementor-element elementor-element-1abd269\" data-id=\"1abd269\" data-element_type=\"column\">\n\t\t\t<div class=\"elementor-widget-wrap elementor-element-populated\">\n\t\t\t\t\t\t<div class=\"elementor-element elementor-element-658dcdb elementor-widget elementor-widget-text-editor\" data-id=\"658dcdb\" data-element_type=\"widget\" data-widget_type=\"text-editor.default\">\n\t\t\t\t<div class=\"elementor-widget-container\">\n\t\t\t\t\t\t\t\t\t<h1>Gremienarbeit der Bildungsstiftung<\/h1><p>Der Vorstand bestellt f\u00fcr die Dauer der BISEF-Ma\u00dfnahmen, die in Projektform durchgef\u00fchrt werden, <strong>Projekt-Beir\u00e4te (PBR)<\/strong>, in denen Auftragnehmer und Auftraggeber das Projekt als gesetzliche Vertreter kontrollierend begleiten. Die Projektleitung obliegt dem Vorstand als Auftragnehmer, der fachkundige Mitglieder im Rahmen der BISEF-Gremienarbeit gem. Rahmenkooperationsabkommen (RKA) berufen kann:<\/p><ul><li><strong>Projekt-Steuergruppen (PSTG):<\/strong> Der Vorstand beruft i.d.R. drei bis f\u00fcnf Mitglieder, die <em>im konzeptionellen Aufgabenfeld<\/em> als Berater das jeweilige Projekt qualit\u00e4tssichernd, weiter \u2013 entwickelnd und bedarfsbedingt evaluierend (ggfls. mit externer Hilfe &#8211; s. PAK) begleiten.<\/li><li><strong>Projekt-Fachaussch\u00fcsse (PFA):<\/strong> Der Vorstand beruft i.d.R. drei bis f\u00fcnf Mitglieder, die<em> im operativen Aufgabenfeld<\/em>\u00a0als Sachverst\u00e4ndige die Projekt-Steuergruppen mit Ausarbeitungen und Empfehlungen zur anwendungsorientierten Umsetzung unterst\u00fctzen.<\/li><li><strong>Projekt-Arbeitskreise (PAK):<\/strong> Der Vorstand beauftragt bedarfsbedingt interne bzw. externe Experten, die vorrangig aktuelle, fachwissenschaftliche Standards (gleicherma\u00dfen im Kontext von Rand- und Hilfsdisziplinen) eruieren und Expertisen zur Optimierung des Gesamtvorhabens erarbeiten.<\/li><\/ul><h1>BISEF-Service- und Dienstleistungen<\/h1><ul><li>Referenten-, Berater- und Gutachtert\u00e4tigkeit in den Handlungsfeldern Bildungswesen, Wirtschaft und Verwaltung<\/li><li>Aufbau, Ausgestaltung und Fortschreibung eines berufsfeld\u00fcbergreifenden Qualit\u00e4tsmanagements: Qualit\u00e4tsentwicklung und Qualit\u00e4tssicherung, vorrangig f\u00fcr staatlich genehmigte Ersatzschulen.<\/li><li>Schulentwicklungsberater*innen des QM-Kern- und Erweiterungsteams (analog den Kompetenzteams \u00f6ffentlicher Schulen) bieten \u00fcber die Bildungsstiftung als Koordinations- und vom Finanzamt genehmigte Abrechnungsstelle kirchlichen Schulen nach Kontraktierung Qualifizierungs- und Unterst\u00fctzungsma\u00dfnahmen als Vor- und Nachbereitung im Kontext von Qualit\u00e4tsanalyse an.<\/li><li>Entwicklung und Leitung von\u00a0Qualifizierungsma\u00dfnahmen\u00a0in der Lehrer-Fort- und Weiterbildung, insb. f\u00fcr Schulentwicklungsberater*innen (SEB).<\/li><li>Planung und Begleitung von Unterst\u00fctzungsma\u00dfnahmen zur systemischen Schul- und Unterrichtsentwicklung sowie im Handlungsfeld \u201eDigitales Lehren und Lernen\u201c.<\/li><li>Entwicklung und Betreuung (fach-)wissenschaftlicher Projektierungen in Theorie und Praxis.<\/li><li>Eignungsfeststellungsverfahren (EFV) nach Schulleitungsqualifizierungsma\u00dfnahmen.<\/li><\/ul>\t\t\t\t\t\t\t\t<\/div>\n\t\t\t\t<\/div>\n\t\t\t\t<div class=\"elementor-element elementor-element-1f2f0f1 elementor-align-center elementor-widget elementor-widget-button\" data-id=\"1f2f0f1\" data-element_type=\"widget\" data-widget_type=\"button.default\">\n\t\t\t\t<div class=\"elementor-widget-container\">\n\t\t\t\t\t\t\t\t\t<div class=\"elementor-button-wrapper\">\n\t\t\t\t\t<a class=\"elementor-button elementor-button-link elementor-size-sm\" href=\"\/bisef\/interner-bereich\/\">\n\t\t\t\t\t\t<span class=\"elementor-button-content-wrapper\">\n\t\t\t\t\t\t\t\t\t<span class=\"elementor-button-text\">Gesamt\u00fcbersicht der QM-Studienkreis-Aktivit\u00e4ten (vormals QM-Kern- und Erweiterungsteam) siehe Interner Bereich<\/span>\n\t\t\t\t\t<\/span>\n\t\t\t\t\t<\/a>\n\t\t\t\t<\/div>\n\t\t\t\t\t\t\t\t<\/div>\n\t\t\t\t<\/div>\n\t\t\t\t<div class=\"elementor-element elementor-element-d14c652 elementor-align-center elementor-widget elementor-widget-button\" data-id=\"d14c652\" data-element_type=\"widget\" data-widget_type=\"button.default\">\n\t\t\t\t<div class=\"elementor-widget-container\">\n\t\t\t\t\t\t\t\t\t<div class=\"elementor-button-wrapper\">\n\t\t\t\t\t<a class=\"elementor-button elementor-button-link elementor-size-sm\" href=\"\/bisef\/interner-bereich\/\">\n\t\t\t\t\t\t<span class=\"elementor-button-content-wrapper\">\n\t\t\t\t\t\t\t\t\t<span class=\"elementor-button-text\">Projekt\u00fcbersicht siehe Interner Bereich<\/span>\n\t\t\t\t\t<\/span>\n\t\t\t\t\t<\/a>\n\t\t\t\t<\/div>\n\t\t\t\t\t\t\t\t<\/div>\n\t\t\t\t<\/div>\n\t\t\t\t\t<\/div>\n\t\t<\/div>\n\t\t\t\t\t<\/div>\n\t\t<\/section>\n\t\t\t\t<section class=\"elementor-section elementor-top-section elementor-element elementor-element-c8c9bd4 elementor-section-boxed elementor-section-height-default elementor-section-height-default\" data-id=\"c8c9bd4\" data-element_type=\"section\">\n\t\t\t\t\t\t<div class=\"elementor-container elementor-column-gap-default\">\n\t\t\t\t\t<div class=\"elementor-column elementor-col-100 elementor-top-column elementor-element elementor-element-fdc8147\" data-id=\"fdc8147\" data-element_type=\"column\">\n\t\t\t<div class=\"elementor-widget-wrap elementor-element-populated\">\n\t\t\t\t\t\t<div class=\"elementor-element elementor-element-9ce08e2 elementor-widget-divider--view-line elementor-widget elementor-widget-divider\" data-id=\"9ce08e2\" data-element_type=\"widget\" data-widget_type=\"divider.default\">\n\t\t\t\t<div class=\"elementor-widget-container\">\n\t\t\t\t\t\t\t<div class=\"elementor-divider\">\n\t\t\t<span class=\"elementor-divider-separator\">\n\t\t\t\t\t\t<\/span>\n\t\t<\/div>\n\t\t\t\t\t\t<\/div>\n\t\t\t\t<\/div>\n\t\t\t\t<div class=\"elementor-element elementor-element-4e122aa elementor-widget elementor-widget-text-editor\" data-id=\"4e122aa\" data-element_type=\"widget\" data-widget_type=\"text-editor.default\">\n\t\t\t\t<div class=\"elementor-widget-container\">\n\t\t\t\t\t\t\t\t\t<h1>\u00d6ffentlichkeitsarbeit resp. Ver\u00f6ffentlichungen<\/h1>\n<div>\n<ul style=\"list-style-position: outside; list-style-type: disc;\">\n<li>Vortragst\u00e4tigkeit als Autor, Referent und Diskutant, vorrangig in \u00f6ffentlichen Bildungseinrichtungen; Themenfelder: Arbeitsmarkt, Bildungssysteme der BRD, Tourismus und Umweltmanagement<\/li>\n<li><span style=\"font-family: var( --e-global-typography-text-font-family ), Sans-serif;\">Interview mit dem Vorstand: \u201eIm Auftrag des Bistums unterwegs: als Lehrer, Entwickler und oft auch als Feuerwehrmann!\u201c, in: Portal Schule und Hochschule des Erzbistums Paderborn, 12. Juli 2022, abrufbar unter <\/span><a style=\"font-family: var( --e-global-typography-text-font-family ), Sans-serif;\" href=\"https:\/\/schule-hochschule.wir-erzbistum-paderborn.de\/news\/im-auftrag-des-bistums-unterwegs-als-lehrer-entwickler-und-oft-auch-als-feuerwehrmann\/\" target=\"_blank\" rel=\"noopener\">https:\/\/schule-hochschule.wir-erzbistum-paderborn.de\/news\/im-auftrag-des-bistums-unterwegs-als-lehrer-entwickler-und-oft-auch-als-feuerwehrmann\/<\/a> <a style=\"font-family: var( --e-global-typography-text-font-family ), Sans-serif;\" href=\"\/dokumente\/220711_Interview_Gerhardts.pdf\" target=\"_blank\" rel=\"noopener\">[Download als PDF]<\/a><\/li>\n<li><span style=\"font-family: var( --e-global-typography-text-font-family ), Sans-serif;\">Text des Vorstands: \u201eIndividualisierung wagen\u201c, Co-Autoren: H. Feldmann und K. Fessen-Bisterfeld in: Lernende Schule, 84\/2018, S. 25ff.<\/span><\/li><\/ul><\/div><ul>\n<\/ul>\t\t\t\t\t\t\t\t<\/div>\n\t\t\t\t<\/div>\n\t\t\t\t<div class=\"elementor-element elementor-element-d2763e5 elementor-align-center elementor-widget elementor-widget-button\" data-id=\"d2763e5\" data-element_type=\"widget\" data-widget_type=\"button.default\">\n\t\t\t\t<div class=\"elementor-widget-container\">\n\t\t\t\t\t\t\t\t\t<div class=\"elementor-button-wrapper\">\n\t\t\t\t\t<a class=\"elementor-button elementor-button-link elementor-size-sm\" href=\"http:\/\/bisef.de\/bisef\/interner-bereich\/\">\n\t\t\t\t\t\t<span class=\"elementor-button-content-wrapper\">\n\t\t\t\t\t\t\t\t\t<span class=\"elementor-button-text\">Weitere bibliographische Datenauswahl \/ \u00d6ffentlichkeitsarbeit des Vorstands siehe Interner Bereich<\/span>\n\t\t\t\t\t<\/span>\n\t\t\t\t\t<\/a>\n\t\t\t\t<\/div>\n\t\t\t\t\t\t\t\t<\/div>\n\t\t\t\t<\/div>\n\t\t\t\t<div class=\"elementor-element elementor-element-031879c elementor-widget elementor-widget-spacer\" data-id=\"031879c\" data-element_type=\"widget\" data-widget_type=\"spacer.default\">\n\t\t\t\t<div class=\"elementor-widget-container\">\n\t\t\t\t\t\t\t<div class=\"elementor-spacer\">\n\t\t\t<div class=\"elementor-spacer-inner\"><\/div>\n\t\t<\/div>\n\t\t\t\t\t\t<\/div>\n\t\t\t\t<\/div>\n\t\t\t\t\t<\/div>\n\t\t<\/div>\n\t\t\t\t\t<\/div>\n\t\t<\/section>\n\t\t\t\t<\/div>\n\t\t","protected":false},"excerpt":{"rendered":"<p>Gremienarbeit der Bildungsstiftung Der Vorstand bestellt f\u00fcr die Dauer der BISEF-Ma\u00dfnahmen, die in Projektform durchgef\u00fchrt werden, Projekt-Beir\u00e4te (PBR), in denen Auftragnehmer und Auftraggeber das Projekt als gesetzliche Vertreter kontrollierend begleiten. Die Projektleitung obliegt dem Vorstand als Auftragnehmer, der fachkundige Mitglieder im Rahmen der BISEF-Gremienarbeit gem. Rahmenkooperationsabkommen (RKA) berufen kann: Projekt-Steuergruppen (PSTG): Der Vorstand beruft i.d.R. &hellip; <\/p>\n<p class=\"link-more\"><a href=\"https:\/\/bisef.de\/bisef\/ein-und-ausblicke\/\" class=\"more-link\">Mehr <span class=\"screen-reader-text\">\u00fcber &#8222;Ein- und Ausblicke&#8220; <\/span>Lesen<\/a><\/p>\n","protected":false},"author":1,"featured_media":0,"parent":0,"menu_order":0,"comment_status":"closed","ping_status":"closed","template":"","meta":{"footnotes":""},"class_list":["post-32","page","type-page","status-publish","hentry"],"featured_media_urls":[],"_links":{"self":[{"href":"https:\/\/bisef.de\/bisef\/wp-json\/wp\/v2\/pages\/32","targetHints":{"allow":["GET"]}}],"collection":[{"href":"https:\/\/bisef.de\/bisef\/wp-json\/wp\/v2\/pages"}],"about":[{"href":"https:\/\/bisef.de\/bisef\/wp-json\/wp\/v2\/types\/page"}],"author":[{"embeddable":true,"href":"https:\/\/bisef.de\/bisef\/wp-json\/wp\/v2\/users\/1"}],"replies":[{"embeddable":true,"href":"https:\/\/bisef.de\/bisef\/wp-json\/wp\/v2\/comments?post=32"}],"version-history":[{"count":88,"href":"https:\/\/bisef.de\/bisef\/wp-json\/wp\/v2\/pages\/32\/revisions"}],"predecessor-version":[{"id":321,"href":"https:\/\/bisef.de\/bisef\/wp-json\/wp\/v2\/pages\/32\/revisions\/321"}],"wp:attachment":[{"href":"https:\/\/bisef.de\/bisef\/wp-json\/wp\/v2\/media?parent=32"}],"curies":[{"name":"wp","href":"https:\/\/api.w.org\/{rel}","templated":true}]}}